{"id":12,"date":"2011-02-23T23:57:07","date_gmt":"2011-02-23T23:57:07","guid":{"rendered":"http:\/\/www.pferdepraxis-niemendal.de\/wordpress\/?page_id=12"},"modified":"2024-01-04T13:45:11","modified_gmt":"2024-01-04T13:45:11","slug":"praxisausstattung","status":"publish","type":"page","link":"https:\/\/www.pferdepraxis-niemendal.de\/?page_id=12","title":{"rendered":"Praxisausstattung"},"content":{"rendered":"<h2>R\u00f6ntgen<strong>\u00a0<\/strong><\/h2>\n<p>F\u00fcr die Anfertigung und Auswertung von hochwertigen R\u00f6ntgenbildern verf\u00fcgt die Pferdepraxis Dr. Niemendal\u00a0\u00fcber eine neue Generation des digitalen R\u00f6ntgens. Bei diesem sogenannten \u201eDirekt Radiographie System\u201c ist die Detektorplatte unmittelbar mit dem Betrachtungsmonitor (Laptop) verbunden. Nach der Aufnahme stehen die Bilder innerhalb von Sekunden zur Ansicht zur Verf\u00fcgung. So kann schon in diesem Moment die Entscheidung getroffen werden, ob die Anfertigung weiterer Bilder notwendig ist. Ein Zuwarten bis zur \u201eEntwicklung\u201c von R\u00f6ntgenbildern entf\u00e4llt. Dadurch\u00a0wird wertvolle Behandlungszeit gewonnen. Auf Wunsch wird\u00a0 nach der Untersuchung sofort eine Patienten-CD angefertigt und ausgeh\u00e4ndigt. Auch der Versand per Email ist m\u00f6glich.<\/p>\n<h2>Ultraschall<\/h2>\n<p>Auch bei der Durchf\u00fchrung von Ultraschalluntersuchungen arbeitet die Pferdepraxis Dr. Niemendal mit einem neuen modernen Ultraschallger\u00e4t.\u00a0\u00a0Dabei sichert der Einsatz verschiedener Schallk\u00f6pfe eine optimale Bilddarstellung. Die digitale Archivierung der Bilder ist auch hier selbstverst\u00e4ndlich.<\/p>\n<h2>Zahnbehandlung<\/h2>\n<p>Zur Zahnbehandlung verf\u00fcgt die Praxis ebenfalls \u00fcber alle modernen Ger\u00e4te f\u00fcr Korrektur und weitere Versorgung von Schneide- und Backenz\u00e4hne. F\u00fcr kleine Ponyrassen \u00a0sowie f\u00fcr alte Pferde stehen spezielle passgenaue \u00a0Maulgatter bereit. Ebenfalls ist eine Endoskopie der Maulh\u00f6hle m\u00f6glich.<\/p>\n<h2>Endoskopie<\/h2>\n<p>Zur Spiegelung des\u201c Inneren\u201c des Pferdes nutzt die Pferdepraxis Dr. Niemendal ein flexibeles Endoskop. Zu den m\u00f6glichen Einsatzbereichen geh\u00f6ren die Beurteilung der oberen Atemwege einschlie\u00dflich Kehlkopf und Lufts\u00e4cken, sowie der Harnleiter und die Blase. Aber auch eine endoskopische Besamung der Stute direkt an den Eileiter kann mit dieser Technik erfolgen.<\/p>\n","protected":false},"excerpt":{"rendered":"<p>R\u00f6ntgen\u00a0 F\u00fcr die Anfertigung und Auswertung von hochwertigen R\u00f6ntgenbildern verf\u00fcgt die Pferdepraxis Dr. Niemendal\u00a0\u00fcber eine neue Generation des digitalen R\u00f6ntgens. Bei diesem sogenannten \u201eDirekt Radiographie System\u201c ist die Detektorplatte unmittelbar mit dem Betrachtungsmonitor (Laptop) verbunden. Nach der Aufnahme stehen die &hellip; <a href=\"https:\/\/www.pferdepraxis-niemendal.de\/?page_id=12\">Continue reading <span class=\"meta-nav\">&rarr;<\/span><\/a><\/p>\n","protected":false},"author":1,"featured_media":416,"parent":7,"menu_order":0,"comment_status":"open","ping_status":"open","template":"","meta":[],"_links":{"self":[{"href":"https:\/\/www.pferdepraxis-niemendal.de\/index.php?rest_route=\/wp\/v2\/pages\/12"}],"collection":[{"href":"https:\/\/www.pferdepraxis-niemendal.de\/index.php?rest_route=\/wp\/v2\/pages"}],"about":[{"href":"https:\/\/www.pferdepraxis-niemendal.de\/index.php?rest_route=\/wp\/v2\/types\/page"}],"author":[{"embeddable":true,"href":"https:\/\/www.pferdepraxis-niemendal.de\/index.php?rest_route=\/wp\/v2\/users\/1"}],"replies":[{"embeddable":true,"href":"https:\/\/www.pferdepraxis-niemendal.de\/index.php?rest_route=%2Fwp%2Fv2%2Fcomments&post=12"}],"version-history":[{"count":12,"href":"https:\/\/www.pferdepraxis-niemendal.de\/index.php?rest_route=\/wp\/v2\/pages\/12\/revisions"}],"predecessor-version":[{"id":977,"href":"https:\/\/www.pferdepraxis-niemendal.de\/index.php?rest_route=\/wp\/v2\/pages\/12\/revisions\/977"}],"up":[{"embeddable":true,"href":"https:\/\/www.pferdepraxis-niemendal.de\/index.php?rest_route=\/wp\/v2\/pages\/7"}],"wp:featuredmedia":[{"embeddable":true,"href":"https:\/\/www.pferdepraxis-niemendal.de\/index.php?rest_route=\/wp\/v2\/media\/416"}],"wp:attachment":[{"href":"https:\/\/www.pferdepraxis-niemendal.de\/index.php?rest_route=%2Fwp%2Fv2%2Fmedia&parent=12"}],"curies":[{"name":"wp","href":"https:\/\/api.w.org\/{rel}","templated":true}]}}